{"id":1458,"date":"2022-04-26T07:29:35","date_gmt":"2022-04-26T06:29:35","guid":{"rendered":"https:\/\/restaurantdo.es\/el-restaurant\/"},"modified":"2023-11-22T19:01:47","modified_gmt":"2023-11-22T18:01:47","slug":"el-restaurant","status":"publish","type":"page","link":"https:\/\/restaurantdo.es\/ca\/el-restaurant\/","title":{"rendered":"El restaurant"},"content":{"rendered":"\t\t<div data-elementor-type=\"wp-page\" data-elementor-id=\"1458\" class=\"elementor elementor-1458 elementor-1233\" data-elementor-post-type=\"page\">\n\t\t\t\t\t\t\t\t\t<section class=\"elementor-section elementor-top-section elementor-element elementor-element-bc11931 elementor-section-full_width elementor-section-height-min-height elementor-section-items-stretch elementor-reverse-mobile elementor-section-height-default\" data-id=\"bc11931\" data-element_type=\"section\" data-settings=\"{&quot;background_background&quot;:&quot;classic&quot;}\">\n\t\t\t\t\t\t<div class=\"elementor-container elementor-column-gap-no\">\n\t\t\t\t\t<div class=\"elementor-column elementor-col-50 elementor-top-column elementor-element elementor-element-ad98aad\" data-id=\"ad98aad\" data-element_type=\"column\">\n\t\t\t<div class=\"elementor-widget-wrap elementor-element-populated\">\n\t\t\t\t\t\t\t\t<div class=\"elementor-element elementor-element-83ee590 elementor-widget elementor-widget-pt_title\" data-id=\"83ee590\" data-element_type=\"widget\" data-widget_type=\"pt_title.default\">\n\t\t\t\t<div class=\"elementor-widget-container\">\n\t\t\t\n        <div class=\"pt-title-wrap\">\t            <div class=\"pt-subtitle-wrap\"><span class=\"pt-subtitle color-secondary\">EL RESTAURANT<\/span><\/div>\t            <h3 class=\"pt-title\">\n\t                del camp al plat\t            <\/h3>\t            <div class=\"pt-title-text\">\n\t                <p>Des de la collita fins a la teva taula, seguim el ritme de la temporada, incorporant ingredients que estan al punt m\u00e0xim de sabor i qualitat. Aquest enfocament no nom\u00e9s garanteix plats plens de frescor, sin\u00f3 que tamb\u00e9 celebra la diversitat de la natura i la singularitat de cada estaci\u00f3.<\/p>\t            <\/div>        <\/div>\t\t<\/div>\n\t\t\t\t<\/div>\n\t\t\t\t<div class=\"elementor-element elementor-element-bb92d6e elementor-widget elementor-widget-image\" data-id=\"bb92d6e\" data-element_type=\"widget\" data-widget_type=\"image.default\">\n\t\t\t\t<div class=\"elementor-widget-container\">\n\t\t\t<style>\/*! elementor - v3.17.0 - 08-11-2023 *\/\n.elementor-widget-image{text-align:center}.elementor-widget-image a{display:inline-block}.elementor-widget-image a img[src$=\".svg\"]{width:48px}.elementor-widget-image img{vertical-align:middle;display:inline-block}<\/style>\t\t\t\t\t\t\t\t\t\t\t\t<img fetchpriority=\"high\" decoding=\"async\" width=\"502\" height=\"302\" src=\"https:\/\/restaurantdo.es\/wp-content\/uploads\/2023\/11\/logo-marro.png\" class=\"attachment-patiotime_600x9999 size-patiotime_600x9999 wp-image-1356\" alt=\"\" srcset=\"https:\/\/restaurantdo.es\/wp-content\/uploads\/2023\/11\/logo-marro.png 502w, https:\/\/restaurantdo.es\/wp-content\/uploads\/2023\/11\/logo-marro-150x90.png 150w, https:\/\/restaurantdo.es\/wp-content\/uploads\/2023\/11\/logo-marro-300x180.png 300w, https:\/\/restaurantdo.es\/wp-content\/uploads\/2023\/11\/logo-marro-370x223.png 370w, https:\/\/restaurantdo.es\/wp-content\/uploads\/2023\/11\/logo-marro-255x153.png 255w\" sizes=\"(max-width: 502px) 100vw, 502px\" \/>\t\t\t\t\t\t\t\t\t\t\t\t\t\t\t<\/div>\n\t\t\t\t<\/div>\n\t\t\t\t\t<\/div>\n\t\t<\/div>\n\t\t\t\t<div class=\"elementor-column elementor-col-50 elementor-top-column elementor-element elementor-element-13d06c0\" data-id=\"13d06c0\" data-element_type=\"column\" data-settings=\"{&quot;background_background&quot;:&quot;classic&quot;}\">\n\t\t\t<div class=\"elementor-widget-wrap elementor-element-populated\">\n\t\t\t\t\t\t\t\t<div class=\"elementor-element elementor-element-284d073 elementor-widget elementor-widget-spacer\" data-id=\"284d073\" data-element_type=\"widget\" data-widget_type=\"spacer.default\">\n\t\t\t\t<div class=\"elementor-widget-container\">\n\t\t\t<style>\/*! elementor - v3.17.0 - 08-11-2023 *\/\n.elementor-column .elementor-spacer-inner{height:var(--spacer-size)}.e-con{--container-widget-width:100%}.e-con-inner>.elementor-widget-spacer,.e-con>.elementor-widget-spacer{width:var(--container-widget-width,var(--spacer-size));--align-self:var(--container-widget-align-self,initial);--flex-shrink:0}.e-con-inner>.elementor-widget-spacer>.elementor-widget-container,.e-con>.elementor-widget-spacer>.elementor-widget-container{height:100%;width:100%}.e-con-inner>.elementor-widget-spacer>.elementor-widget-container>.elementor-spacer,.e-con>.elementor-widget-spacer>.elementor-widget-container>.elementor-spacer{height:100%}.e-con-inner>.elementor-widget-spacer>.elementor-widget-container>.elementor-spacer>.elementor-spacer-inner,.e-con>.elementor-widget-spacer>.elementor-widget-container>.elementor-spacer>.elementor-spacer-inner{height:var(--container-widget-height,var(--spacer-size))}.e-con-inner>.elementor-widget-spacer.elementor-widget-empty,.e-con>.elementor-widget-spacer.elementor-widget-empty{position:relative;min-height:22px;min-width:22px}.e-con-inner>.elementor-widget-spacer.elementor-widget-empty .elementor-widget-empty-icon,.e-con>.elementor-widget-spacer.elementor-widget-empty .elementor-widget-empty-icon{position:absolute;top:0;bottom:0;left:0;right:0;margin:auto;padding:0;width:22px;height:22px}<\/style>\t\t<div class=\"elementor-spacer\">\n\t\t\t<div class=\"elementor-spacer-inner\"><\/div>\n\t\t<\/div>\n\t\t\t\t<\/div>\n\t\t\t\t<\/div>\n\t\t\t\t\t<\/div>\n\t\t<\/div>\n\t\t\t\t\t\t\t<\/div>\n\t\t<\/section>\n\t\t\t\t<section class=\"elementor-section elementor-top-section elementor-element elementor-element-3ee1838 elementor-section-full_width elementor-section-height-min-height elementor-section-items-stretch elementor-section-height-default\" data-id=\"3ee1838\" data-element_type=\"section\" id=\"experience\" data-settings=\"{&quot;background_background&quot;:&quot;classic&quot;}\">\n\t\t\t\t\t\t<div class=\"elementor-container elementor-column-gap-no\">\n\t\t\t\t\t<div class=\"elementor-column elementor-col-50 elementor-top-column elementor-element elementor-element-b80843d\" data-id=\"b80843d\" data-element_type=\"column\" data-settings=\"{&quot;background_background&quot;:&quot;classic&quot;}\">\n\t\t\t<div class=\"elementor-widget-wrap elementor-element-populated\">\n\t\t\t\t\t\t\t\t<div class=\"elementor-element elementor-element-b7bf766 elementor-widget elementor-widget-spacer\" data-id=\"b7bf766\" data-element_type=\"widget\" data-widget_type=\"spacer.default\">\n\t\t\t\t<div class=\"elementor-widget-container\">\n\t\t\t\t\t<div class=\"elementor-spacer\">\n\t\t\t<div class=\"elementor-spacer-inner\"><\/div>\n\t\t<\/div>\n\t\t\t\t<\/div>\n\t\t\t\t<\/div>\n\t\t\t\t\t<\/div>\n\t\t<\/div>\n\t\t\t\t<div class=\"elementor-column elementor-col-50 elementor-top-column elementor-element elementor-element-ee62e3c\" data-id=\"ee62e3c\" data-element_type=\"column\">\n\t\t\t<div class=\"elementor-widget-wrap elementor-element-populated\">\n\t\t\t\t\t\t\t\t<div class=\"elementor-element elementor-element-24c11cf pt-animation-medium-offset elementor-invisible elementor-widget elementor-widget-pt_title\" data-id=\"24c11cf\" data-element_type=\"widget\" data-settings=\"{&quot;_animation&quot;:&quot;fadeInUp&quot;,&quot;_animation_delay&quot;:100}\" data-widget_type=\"pt_title.default\">\n\t\t\t\t<div class=\"elementor-widget-container\">\n\t\t\t\n        <div class=\"pt-title-wrap\">\t            <div class=\"pt-subtitle-wrap\"><span class=\"pt-subtitle color-secondary\">l'espai<\/span><\/div>\t            <h3 class=\"pt-title\">\n\t                sales per a grups\t            <\/h3>\t            <div class=\"pt-title-text\">\n\t                <p>Disposem de diversos espais i sales dissenyats per adaptar-se a totes les teves necessitats i esdeveniments.<\/p><p>Des de sopars \u00edntims fins a celebracions grupals, cada rac\u00f3 ha estat pensat per oferir comoditat i un ambient acollidor. Ja sigui una reuni\u00f3 de negocis, una celebraci\u00f3 familiar o simplement una vetllada entre amics, tenim l&#8217;espai perfecte per fer de la teva experi\u00e8ncia gastron\u00f2mica un moment inoblidable.<\/p>\t            <\/div>                <div class=\"pt-title-btn\">\n                    <a class=\"button elementor-button-link pt-btn-color-secondary pt-btn-outline\" role=\"button\" href=\"#\">\n                        <span class=\"pt-btn-text\">Contactar<\/span>\n                    <\/a>\n                <\/div>\n                    <\/div>\t\t<\/div>\n\t\t\t\t<\/div>\n\t\t\t\t\t<\/div>\n\t\t<\/div>\n\t\t\t\t\t\t\t<\/div>\n\t\t<\/section>\n\t\t\t\t<section class=\"elementor-section elementor-top-section elementor-element elementor-element-642f139f pt-section-content-fullwidth elementor-section-boxed elementor-section-height-default elementor-section-height-default\" data-id=\"642f139f\" data-element_type=\"section\" id=\"philosophy\" data-settings=\"{&quot;background_background&quot;:&quot;classic&quot;}\">\n\t\t\t\t\t\t<div class=\"elementor-container elementor-column-gap-no\">\n\t\t\t\t\t<div class=\"elementor-column elementor-col-100 elementor-top-column elementor-element elementor-element-152d6559\" data-id=\"152d6559\" data-element_type=\"column\">\n\t\t\t<div class=\"elementor-widget-wrap elementor-element-populated\">\n\t\t\t\t\t\t\t\t<div class=\"elementor-element elementor-element-510f3066 elementor-invisible elementor-widget elementor-widget-pt_title\" data-id=\"510f3066\" data-element_type=\"widget\" data-settings=\"{&quot;_animation&quot;:&quot;fadeIn&quot;,&quot;_animation_delay&quot;:100}\" data-widget_type=\"pt_title.default\">\n\t\t\t\t<div class=\"elementor-widget-container\">\n\t\t\t\n        <div class=\"pt-title-wrap text-center\">\t            <div class=\"pt-subtitle-wrap\"><span class=\"pt-subtitle color-secondary\">la nostra filosofia<\/span><\/div>\t            <h6 class=\"pt-title\">\n\t                Compromesos amb la qualitat i l'autenticitat sense renunciar a la sostenibilitat\t            <\/h6>                <div class=\"pt-title-btn\">\n                    <a class=\"button elementor-button-link pt-btn-underline\" role=\"button\" href=\"#\">\n                        <span class=\"pt-btn-text\">DESCOBREIX ELS NOSTRES MEN\u00daS<\/span>\n                    <\/a>\n                <\/div>\n                    <\/div>\t\t<\/div>\n\t\t\t\t<\/div>\n\t\t\t\t\t<\/div>\n\t\t<\/div>\n\t\t\t\t\t\t\t<\/div>\n\t\t<\/section>\n\t\t\t\t<section class=\"elementor-section elementor-top-section elementor-element elementor-element-e02338b elementor-section-full_width elementor-section-height-min-height elementor-section-items-stretch elementor-section-height-default\" data-id=\"e02338b\" data-element_type=\"section\" data-settings=\"{&quot;background_background&quot;:&quot;classic&quot;}\">\n\t\t\t\t\t\t<div class=\"elementor-container elementor-column-gap-no\">\n\t\t\t\t\t<div class=\"elementor-column elementor-col-50 elementor-top-column elementor-element elementor-element-adbb78a\" data-id=\"adbb78a\" data-element_type=\"column\" data-settings=\"{&quot;background_background&quot;:&quot;classic&quot;}\">\n\t\t\t<div class=\"elementor-widget-wrap elementor-element-populated\">\n\t\t\t\t\t\t\t\t<div class=\"elementor-element elementor-element-3b289ea elementor-widget elementor-widget-spacer\" data-id=\"3b289ea\" data-element_type=\"widget\" data-widget_type=\"spacer.default\">\n\t\t\t\t<div class=\"elementor-widget-container\">\n\t\t\t\t\t<div class=\"elementor-spacer\">\n\t\t\t<div class=\"elementor-spacer-inner\"><\/div>\n\t\t<\/div>\n\t\t\t\t<\/div>\n\t\t\t\t<\/div>\n\t\t\t\t\t<\/div>\n\t\t<\/div>\n\t\t\t\t<div class=\"elementor-column elementor-col-50 elementor-top-column elementor-element elementor-element-1a1a0fa\" data-id=\"1a1a0fa\" data-element_type=\"column\">\n\t\t\t<div class=\"elementor-widget-wrap elementor-element-populated\">\n\t\t\t\t\t\t\t\t<div class=\"elementor-element elementor-element-3a96998 pt-animation-medium-offset elementor-invisible elementor-widget elementor-widget-pt_title\" data-id=\"3a96998\" data-element_type=\"widget\" data-settings=\"{&quot;_animation&quot;:&quot;fadeInUp&quot;,&quot;_animation_delay&quot;:100}\" data-widget_type=\"pt_title.default\">\n\t\t\t\t<div class=\"elementor-widget-container\">\n\t\t\t\n        <div class=\"pt-title-wrap\">\t            <div class=\"pt-subtitle-wrap\"><span class=\"pt-subtitle color-secondary\">Compromesos amb la sostenibilitat<\/span><\/div>\t            <h3 class=\"pt-title\">\n\t                Sostenibilitat\t            <\/h3>\t            <div class=\"pt-title-text\">\n\t                <p>Al nostre restaurant, no nom\u00e9s servim deliciosos plats; tamb\u00e9 ens comprometem activament amb la sostenibilitat i els principis de l\u00b4Agenda 2030.<\/p><p>Cada elecci\u00f3 que fem, des de la selecci\u00f3 dels ingredients fins a la gesti\u00f3 de residus, est\u00e0 guiada pel nostre ferm comprom\u00eds amb un futur m\u00e9s sostenible.<\/p><p>Ens enorgulleix anunciar que comptem amb el prestigi\u00f3s Certificat Biosphere, una distinci\u00f3 que reconeix el nostre comprom\u00eds amb la sostenibilitat i el turisme responsable.<\/p>\t            <\/div>                <div class=\"pt-title-btn\">\n                    <a class=\"button elementor-button-link pt-btn-color-secondary pt-btn-outline\" role=\"button\" href=\"#\">\n                        <span class=\"pt-btn-text\">Veure men\u00fas<\/span>\n                    <\/a>\n                <\/div>\n                    <\/div>\t\t<\/div>\n\t\t\t\t<\/div>\n\t\t\t\t<div class=\"elementor-element elementor-element-1e2e33e elementor-widget elementor-widget-pt_rounded_image\" data-id=\"1e2e33e\" data-element_type=\"widget\" data-widget_type=\"pt_rounded_image.default\">\n\t\t\t\t<div class=\"elementor-widget-container\">\n\t\t\t\t\t\t\t<div class=\"pt-rounded-image\" style=\"border-radius: 0 0 0 0;\">\n\t\t\t\t\t\t\t\t\t\t<img decoding=\"async\" width=\"200\" height=\"259\" src=\"https:\/\/restaurantdo.es\/wp-content\/uploads\/2023\/11\/biosphere-petit.png\" class=\"attachment-medium size-medium wp-image-1365\" alt=\"\" srcset=\"https:\/\/restaurantdo.es\/wp-content\/uploads\/2023\/11\/biosphere-petit.png 200w, https:\/\/restaurantdo.es\/wp-content\/uploads\/2023\/11\/biosphere-petit-116x150.png 116w\" sizes=\"(max-width: 200px) 100vw, 200px\" \/>\t\t\t\t\t\t\t\t\t<\/div>\t\t<\/div>\n\t\t\t\t<\/div>\n\t\t\t\t\t<\/div>\n\t\t<\/div>\n\t\t\t\t\t\t\t<\/div>\n\t\t<\/section>\n\t\t\t\t\t\t\t<\/div>\n\t\t","protected":false},"excerpt":{"rendered":"<p>EL RESTAURANT del camp al plat Des de la collita fins a la teva taula, seguim el ritme de la temporada, incorporant ingredients que estan al punt m\u00e0xim de sabor i qualitat. Aquest enfocament no nom\u00e9s garanteix plats plens de frescor, sin\u00f3 que tamb\u00e9 celebra la diversitat de la natura i la singularitat de cada &#8230;<\/p>\n","protected":false},"author":2,"featured_media":0,"parent":0,"menu_order":2,"comment_status":"closed","ping_status":"closed","template":"template-wide-content.php","meta":{"patiotime_single_page_hide_site_header":"","patiotime_single_page_site_header_source":"","patiotime_single_page_custom_site_header":"0","patiotime_single_page_custom_sticky_site_header":"0","patiotime_single_page_hide_page_title":"on","patiotime_single_page_header_section_size":"","patiotime_single_page_header_background_color":"","patiotime_single_page_header_background_position_x":"center","patiotime_single_page_header_background_position_y":"center","patiotime_single_page_header_background_size":"cover","patiotime_single_page_header_background_repeat":"off","patiotime_single_page_header_background_scroll":"on","patiotime_single_page_header_text_color":"","patiotime_single_page_header_show_breadcrumb":"","patiotime_single_page_site_footer_hide_main":"","patiotime_single_custom_site_footer_main_source":"","patiotime_single_custom_site_footer_main":"0","patiotime_single_page_site_footer_hide_above":"","patiotime_single_custom_site_footer_above_source":"","patiotime_single_custom_site_footer_above":"0","patiotime_single_page_site_footer_hide_instagram":"","patiotime_single_page_site_footer_hide_bottom":"","patiotime_single_custom_mobile_menu_source":"","patiotime_single_custom_mobile_menu":"0","patiotime_single_custom_mobile_menu_animation":"","patiotime_single_custom_mobile_menu_width":"","patiotime_single_custom_mobile_menu_custom_width":375,"footnotes":""},"class_list":["post-1458","page","type-page","status-publish","hentry"],"yoast_head":"<!-- This site is optimized with the Yoast SEO plugin v21.5 - https:\/\/yoast.com\/wordpress\/plugins\/seo\/ -->\n<title>Restaurant a Granollers | D.O. Cuina de mercat i km.0<\/title>\n<meta name=\"description\" content=\"En el nostre restaurant de Granollers, trobar\u00e0s un espai on gaudir de la cuina de mercat amb productes frescos i de proximitat.\" \/>\n<meta name=\"robots\" content=\"index, follow, max-snippet:-1, max-image-preview:large, max-video-preview:-1\" \/>\n<link rel=\"canonical\" href=\"https:\/\/restaurantdo.es\/ca\/el-restaurant\/\" \/>\n<meta property=\"og:locale\" content=\"ca_ES\" \/>\n<meta property=\"og:type\" content=\"article\" \/>\n<meta property=\"og:title\" content=\"Restaurant a Granollers | D.O. Cuina de mercat i km.0\" \/>\n<meta property=\"og:description\" content=\"En el nostre restaurant de Granollers, trobar\u00e0s un espai on gaudir de la cuina de mercat amb productes frescos i de proximitat.\" \/>\n<meta property=\"og:url\" content=\"https:\/\/restaurantdo.es\/ca\/el-restaurant\/\" \/>\n<meta property=\"og:site_name\" content=\"Restaurant DO\" \/>\n<meta property=\"article:modified_time\" content=\"2023-11-22T18:01:47+00:00\" \/>\n<meta property=\"og:image\" content=\"https:\/\/restaurantdo.es\/wp-content\/uploads\/2023\/11\/logo-marro.png\" \/>\n<meta name=\"twitter:card\" content=\"summary_large_image\" \/>\n<meta name=\"twitter:label1\" content=\"Temps estimat de lectura\" \/>\n\t<meta name=\"twitter:data1\" content=\"2 minuts\" \/>\n<script type=\"application\/ld+json\" class=\"yoast-schema-graph\">{\"@context\":\"https:\/\/schema.org\",\"@graph\":[{\"@type\":\"WebPage\",\"@id\":\"https:\/\/restaurantdo.es\/ca\/el-restaurant\/\",\"url\":\"https:\/\/restaurantdo.es\/ca\/el-restaurant\/\",\"name\":\"Restaurant a Granollers | D.O. Cuina de mercat i km.0\",\"isPartOf\":{\"@id\":\"https:\/\/restaurantdo.es\/ca\/#website\"},\"datePublished\":\"2022-04-26T06:29:35+00:00\",\"dateModified\":\"2023-11-22T18:01:47+00:00\",\"description\":\"En el nostre restaurant de Granollers, trobar\u00e0s un espai on gaudir de la cuina de mercat amb productes frescos i de proximitat.\",\"breadcrumb\":{\"@id\":\"https:\/\/restaurantdo.es\/ca\/el-restaurant\/#breadcrumb\"},\"inLanguage\":\"ca\",\"potentialAction\":[{\"@type\":\"ReadAction\",\"target\":[\"https:\/\/restaurantdo.es\/ca\/el-restaurant\/\"]}]},{\"@type\":\"BreadcrumbList\",\"@id\":\"https:\/\/restaurantdo.es\/ca\/el-restaurant\/#breadcrumb\",\"itemListElement\":[{\"@type\":\"ListItem\",\"position\":1,\"name\":\"Portada\",\"item\":\"https:\/\/restaurantdo.es\/ca\/\"},{\"@type\":\"ListItem\",\"position\":2,\"name\":\"El restaurant\"}]},{\"@type\":\"WebSite\",\"@id\":\"https:\/\/restaurantdo.es\/ca\/#website\",\"url\":\"https:\/\/restaurantdo.es\/ca\/\",\"name\":\"Restaurante DO | Cocina de mercado y km.0 en Granollers\",\"description\":\"\",\"publisher\":{\"@id\":\"https:\/\/restaurantdo.es\/ca\/#organization\"},\"alternateName\":\"Restaurante DO\",\"potentialAction\":[{\"@type\":\"SearchAction\",\"target\":{\"@type\":\"EntryPoint\",\"urlTemplate\":\"https:\/\/restaurantdo.es\/ca\/?s={search_term_string}\"},\"query-input\":\"required name=search_term_string\"}],\"inLanguage\":\"ca\"},{\"@type\":\"Organization\",\"@id\":\"https:\/\/restaurantdo.es\/ca\/#organization\",\"name\":\"Restaurante DO | Cocina de mercado y km.0 en Granollers\",\"url\":\"https:\/\/restaurantdo.es\/ca\/\",\"logo\":{\"@type\":\"ImageObject\",\"inLanguage\":\"ca\",\"@id\":\"https:\/\/restaurantdo.es\/ca\/#\/schema\/logo\/image\/\",\"url\":\"https:\/\/restaurantdo.es\/wp-content\/uploads\/2023\/11\/logo-marro.png\",\"contentUrl\":\"https:\/\/restaurantdo.es\/wp-content\/uploads\/2023\/11\/logo-marro.png\",\"width\":502,\"height\":302,\"caption\":\"Restaurante DO | Cocina de mercado y km.0 en Granollers\"},\"image\":{\"@id\":\"https:\/\/restaurantdo.es\/ca\/#\/schema\/logo\/image\/\"}}]}<\/script>\n<!-- \/ Yoast SEO plugin. -->","yoast_head_json":{"title":"Restaurant a Granollers | D.O. Cuina de mercat i km.0","description":"En el nostre restaurant de Granollers, trobar\u00e0s un espai on gaudir de la cuina de mercat amb productes frescos i de proximitat.","robots":{"index":"index","follow":"follow","max-snippet":"max-snippet:-1","max-image-preview":"max-image-preview:large","max-video-preview":"max-video-preview:-1"},"canonical":"https:\/\/restaurantdo.es\/ca\/el-restaurant\/","og_locale":"ca_ES","og_type":"article","og_title":"Restaurant a Granollers | D.O. Cuina de mercat i km.0","og_description":"En el nostre restaurant de Granollers, trobar\u00e0s un espai on gaudir de la cuina de mercat amb productes frescos i de proximitat.","og_url":"https:\/\/restaurantdo.es\/ca\/el-restaurant\/","og_site_name":"Restaurant DO","article_modified_time":"2023-11-22T18:01:47+00:00","og_image":[{"url":"https:\/\/restaurantdo.es\/wp-content\/uploads\/2023\/11\/logo-marro.png"}],"twitter_card":"summary_large_image","twitter_misc":{"Temps estimat de lectura":"2 minuts"},"schema":{"@context":"https:\/\/schema.org","@graph":[{"@type":"WebPage","@id":"https:\/\/restaurantdo.es\/ca\/el-restaurant\/","url":"https:\/\/restaurantdo.es\/ca\/el-restaurant\/","name":"Restaurant a Granollers | D.O. Cuina de mercat i km.0","isPartOf":{"@id":"https:\/\/restaurantdo.es\/ca\/#website"},"datePublished":"2022-04-26T06:29:35+00:00","dateModified":"2023-11-22T18:01:47+00:00","description":"En el nostre restaurant de Granollers, trobar\u00e0s un espai on gaudir de la cuina de mercat amb productes frescos i de proximitat.","breadcrumb":{"@id":"https:\/\/restaurantdo.es\/ca\/el-restaurant\/#breadcrumb"},"inLanguage":"ca","potentialAction":[{"@type":"ReadAction","target":["https:\/\/restaurantdo.es\/ca\/el-restaurant\/"]}]},{"@type":"BreadcrumbList","@id":"https:\/\/restaurantdo.es\/ca\/el-restaurant\/#breadcrumb","itemListElement":[{"@type":"ListItem","position":1,"name":"Portada","item":"https:\/\/restaurantdo.es\/ca\/"},{"@type":"ListItem","position":2,"name":"El restaurant"}]},{"@type":"WebSite","@id":"https:\/\/restaurantdo.es\/ca\/#website","url":"https:\/\/restaurantdo.es\/ca\/","name":"Restaurante DO | Cocina de mercado y km.0 en Granollers","description":"","publisher":{"@id":"https:\/\/restaurantdo.es\/ca\/#organization"},"alternateName":"Restaurante DO","potentialAction":[{"@type":"SearchAction","target":{"@type":"EntryPoint","urlTemplate":"https:\/\/restaurantdo.es\/ca\/?s={search_term_string}"},"query-input":"required name=search_term_string"}],"inLanguage":"ca"},{"@type":"Organization","@id":"https:\/\/restaurantdo.es\/ca\/#organization","name":"Restaurante DO | Cocina de mercado y km.0 en Granollers","url":"https:\/\/restaurantdo.es\/ca\/","logo":{"@type":"ImageObject","inLanguage":"ca","@id":"https:\/\/restaurantdo.es\/ca\/#\/schema\/logo\/image\/","url":"https:\/\/restaurantdo.es\/wp-content\/uploads\/2023\/11\/logo-marro.png","contentUrl":"https:\/\/restaurantdo.es\/wp-content\/uploads\/2023\/11\/logo-marro.png","width":502,"height":302,"caption":"Restaurante DO | Cocina de mercado y km.0 en Granollers"},"image":{"@id":"https:\/\/restaurantdo.es\/ca\/#\/schema\/logo\/image\/"}}]}},"_links":{"self":[{"href":"https:\/\/restaurantdo.es\/ca\/wp-json\/wp\/v2\/pages\/1458","targetHints":{"allow":["GET"]}}],"collection":[{"href":"https:\/\/restaurantdo.es\/ca\/wp-json\/wp\/v2\/pages"}],"about":[{"href":"https:\/\/restaurantdo.es\/ca\/wp-json\/wp\/v2\/types\/page"}],"author":[{"embeddable":true,"href":"https:\/\/restaurantdo.es\/ca\/wp-json\/wp\/v2\/users\/2"}],"replies":[{"embeddable":true,"href":"https:\/\/restaurantdo.es\/ca\/wp-json\/wp\/v2\/comments?post=1458"}],"version-history":[{"count":5,"href":"https:\/\/restaurantdo.es\/ca\/wp-json\/wp\/v2\/pages\/1458\/revisions"}],"predecessor-version":[{"id":1689,"href":"https:\/\/restaurantdo.es\/ca\/wp-json\/wp\/v2\/pages\/1458\/revisions\/1689"}],"wp:attachment":[{"href":"https:\/\/restaurantdo.es\/ca\/wp-json\/wp\/v2\/media?parent=1458"}],"curies":[{"name":"wp","href":"https:\/\/api.w.org\/{rel}","templated":true}]}}